{"id":7730,"date":"2023-05-23T15:59:29","date_gmt":"2023-05-23T13:59:29","guid":{"rendered":"https:\/\/jovoutja.eu\/projekty\/kulgazdasagi-es-kulugyminiszterium-jovo-utja-nonprofit-kft-elo-tortenelem\/"},"modified":"2024-08-13T11:39:16","modified_gmt":"2024-08-13T09:39:16","slug":"kulgazdasagi-es-kulugyminiszterium-jovo-utja-nonprofit-kft-elo-tortenelem","status":"publish","type":"projekty","link":"https:\/\/jovoutja.eu\/hu\/projekty\/kulgazdasagi-es-kulugyminiszterium-jovo-utja-nonprofit-kft-elo-tortenelem\/","title":{"rendered":"K\u00fclgazdas\u00e1gi \u00e9s K\u00fcl\u00fcgyminiszt\u00e9rium \u2013 J\u00f6v\u0151 \u00datja Nonprofit Kft. \u201e\u00c9l\u0151 t\u00f6rt\u00e9nelem\u201d"},"content":{"rendered":"<p>A projekt egyik helysz\u00edne a klasszicista st\u00edlus\u00fa Patay-kast\u00e9ly Aba\u00fajsz\u00e1nt\u00f3-Cekeh\u00e1z\u00e1n. A projekt t\u00e1rgy\u00e1t k\u00e9pez\u0151 \u00e9p\u00fclet teljesk\u00f6r\u0171 meg\u00faj\u00edt\u00e1s\u00e1ra lenne sz\u00fcks\u00e9g, amire jelenleg nincs lehet\u0151s\u00e9g. \u00c9ppen ez\u00e9rt els\u0151dleges c\u00e9lunk szerkezet\u00e9nek meg\u00f3v\u00e1sa, \u00faj f\u00f6d\u00e9m elk\u00e9sz\u00edt\u00e9se, \u00faj tet\u0151zet elk\u00e9sz\u00edt\u00e9se \u00e9s a f\u0151falak statikai meger\u0151s\u00edt\u00e9se, biztos\u00edt\u00e1sa.<\/p>\n<p>Kass\u00e1n, a F\u0151 utca ter\u00fclet\u00e9n fekv\u0151 Als\u00f3 Kapu M\u00fazeum jelenlegi ki\u00e1ll\u00edt\u00e1sa a projekt keret\u00e9n bel\u00fcl kieg\u00e9sz\u00fcl az \u00faj turisztikai trendeknek megfelel\u0151 innovat\u00edv, \u00e9s interaktivit\u00e1st \u00f6szt\u00f6nz\u0151 eszk\u00f6z\u00f6kkel \u00e9s interpret\u00e1l\u00e1si m\u00f3dszerekkel (pl. 3D rekonstrukci\u00f3s modellek, hologramos vet\u00edt\u00e9s, virtu\u00e1lis val\u00f3s\u00e1g alap\u00fa alkalmaz\u00e1sok).<\/p>\n<p>Partners\u00e9g \u00e9p\u00edt\u0151 f\u00f3rum megval\u00f3s\u00edt\u00e1s\u00e1t is tervezi a Via Carpatia EGTC partnerei \u00e9s potenci\u00e1lis partnerei r\u00e9sz\u00e9re, 1 \u00e9jszaka, minimum 20 f\u0151 sz\u00e1m\u00e1ra. \u00daj lehet\u0151s\u00e9gek, kapcsolatok l\u00e9trehoz\u00e1s\u00e1ra lesz lehet\u0151s\u00e9g, mivel fontos a jelenlegi helyzetben a szem\u00e9lyes tal\u00e1lkoz\u00e1s, amely nagyobb teret ny\u00fajt az egyeztet\u00e9sekre.<\/p>\n<p>Az ut\u00f3bbi eml\u00edtett tev\u00e9kenys\u00e9geken k\u00edv\u00fcl a Via Carpatia EGTC m\u0171szaki\/technikai felszerelts\u00e9g\u00e9nek meg\u00faj\u00edt\u00e1s\u00e1t is tervezi (8db Laptop, Laptop kieg\u00e9sz\u00edt\u0151k, oper\u00e1ci\u00f3s rendszer, t\u00e1sk\u00e1k, 1db l\u00e9zeres sz\u00ednes nyomtat\u00f3, egy\u00e9b kell\u00e9kek). Mivel a Via Carpatia EGTC \u00e9s a J\u00f6v\u0151 \u00datja Nonprofit Kft. csapata az elm\u00falt id\u0151szakban t\u00f6bb \u00faj koll\u00e9g\u00e1val b\u0151v\u00fclt \u00edgy nagy sz\u00fcks\u00e9g van az iroda m\u0171szaki\/technikai felszerelts\u00e9g\u00e9nek meg\u00faj\u00edt\u00e1s\u00e1ra.<\/p>\n<p>A turisztikai infrastrukt\u00fara fejleszt\u00e9s\u00e9hez sz\u00fcks\u00e9ges lesz egy tervez\u0151i m\u0171vezet\u0151 szakember munk\u00e1j\u00e1ra, aki ellen\u0151rzi \u00e9s fel\u00fcgyeli a Patay &#8211; kast\u00e9ly fel\u00faj\u00edt\u00e1s\u00e1t.<\/p>\n<p>A Via Carpatia EGTC egy k\u00f6zbeszerz\u00e9si \u00e9s \u00fcgyv\u00e9di iroda szolg\u00e1ltat\u00e1sait is ig\u00e9nybe veszi, amely seg\u00edti majd a k\u00f6zbeszerz\u00e9sek t\u00f6rv\u00e9nyes \u00e9s helyes lefoly\u00e1s\u00e1t.<\/p>\n<p>A projekt teljes k\u00f6lts\u00e9gvet\u00e9se: 217 000 000 Ft<\/p>\n","protected":false},"featured_media":0,"template":"","class_list":["post-7730","projekty","type-projekty","status-publish","hentry"],"acf":[],"yoast_head":"<!-- This site is optimized with the Yoast SEO plugin v27.5 - https:\/\/yoast.com\/product\/yoast-seo-wordpress\/ -->\n<title>K\u00fclgazdas\u00e1gi \u00e9s K\u00fcl\u00fcgyminiszt\u00e9rium \u2013 J\u00f6v\u0151 \u00datja Nonprofit Kft. \u201e\u00c9l\u0151 t\u00f6rt\u00e9nelem\u201d - J\u00f6v\u0151 \u00datja<\/title>\n<meta name=\"robots\" content=\"index, follow, max-snippet:-1, max-image-preview:large, max-video-preview:-1\" \/>\n<link rel=\"canonical\" href=\"https:\/\/jovoutja.eu\/hu\/projekty\/kulgazdasagi-es-kulugyminiszterium-jovo-utja-nonprofit-kft-elo-tortenelem\/\" \/>\n<meta property=\"og:locale\" content=\"hu_HU\" \/>\n<meta property=\"og:type\" content=\"article\" \/>\n<meta property=\"og:title\" content=\"K\u00fclgazdas\u00e1gi \u00e9s K\u00fcl\u00fcgyminiszt\u00e9rium \u2013 J\u00f6v\u0151 \u00datja Nonprofit Kft. \u201e\u00c9l\u0151 t\u00f6rt\u00e9nelem\u201d - J\u00f6v\u0151 \u00datja\" \/>\n<meta property=\"og:description\" content=\"A projekt egyik helysz\u00edne a klasszicista st\u00edlus\u00fa Patay-kast\u00e9ly Aba\u00fajsz\u00e1nt\u00f3-Cekeh\u00e1z\u00e1n. A projekt t\u00e1rgy\u00e1t k\u00e9pez\u0151 \u00e9p\u00fclet teljesk\u00f6r\u0171 meg\u00faj\u00edt\u00e1s\u00e1ra lenne sz\u00fcks\u00e9g, amire jelenleg nincs lehet\u0151s\u00e9g. \u00c9ppen ez\u00e9rt els\u0151dleges c\u00e9lunk szerkezet\u00e9nek meg\u00f3v\u00e1sa, \u00faj f\u00f6d\u00e9m elk\u00e9sz\u00edt\u00e9se, \u00faj tet\u0151zet elk\u00e9sz\u00edt\u00e9se \u00e9s a f\u0151falak statikai meger\u0151s\u00edt\u00e9se, biztos\u00edt\u00e1sa. Kass\u00e1n, a F\u0151 utca ter\u00fclet\u00e9n fekv\u0151 Als\u00f3 Kapu M\u00fazeum jelenlegi ki\u00e1ll\u00edt\u00e1sa a projekt keret\u00e9n bel\u00fcl [&hellip;]\" \/>\n<meta property=\"og:url\" content=\"https:\/\/jovoutja.eu\/hu\/projekty\/kulgazdasagi-es-kulugyminiszterium-jovo-utja-nonprofit-kft-elo-tortenelem\/\" \/>\n<meta property=\"og:site_name\" content=\"J\u00f6v\u0151 \u00datja\" \/>\n<meta property=\"article:modified_time\" content=\"2024-08-13T09:39:16+00:00\" \/>\n<meta name=\"twitter:card\" content=\"summary_large_image\" \/>\n<meta name=\"twitter:label1\" content=\"Becs\u00fclt olvas\u00e1si id\u0151\" \/>\n\t<meta name=\"twitter:data1\" content=\"2 perc\" \/>\n<script type=\"application\/ld+json\" class=\"yoast-schema-graph\">{\"@context\":\"https:\\\/\\\/schema.org\",\"@graph\":[{\"@type\":\"WebPage\",\"@id\":\"https:\\\/\\\/jovoutja.eu\\\/hu\\\/projekty\\\/kulgazdasagi-es-kulugyminiszterium-jovo-utja-nonprofit-kft-elo-tortenelem\\\/\",\"url\":\"https:\\\/\\\/jovoutja.eu\\\/hu\\\/projekty\\\/kulgazdasagi-es-kulugyminiszterium-jovo-utja-nonprofit-kft-elo-tortenelem\\\/\",\"name\":\"K\u00fclgazdas\u00e1gi \u00e9s K\u00fcl\u00fcgyminiszt\u00e9rium \u2013 J\u00f6v\u0151 \u00datja Nonprofit Kft. \u201e\u00c9l\u0151 t\u00f6rt\u00e9nelem\u201d - J\u00f6v\u0151 \u00datja\",\"isPartOf\":{\"@id\":\"https:\\\/\\\/jovoutja.eu\\\/#website\"},\"datePublished\":\"2023-05-23T13:59:29+00:00\",\"dateModified\":\"2024-08-13T09:39:16+00:00\",\"breadcrumb\":{\"@id\":\"https:\\\/\\\/jovoutja.eu\\\/hu\\\/projekty\\\/kulgazdasagi-es-kulugyminiszterium-jovo-utja-nonprofit-kft-elo-tortenelem\\\/#breadcrumb\"},\"inLanguage\":\"hu\",\"potentialAction\":[{\"@type\":\"ReadAction\",\"target\":[\"https:\\\/\\\/jovoutja.eu\\\/hu\\\/projekty\\\/kulgazdasagi-es-kulugyminiszterium-jovo-utja-nonprofit-kft-elo-tortenelem\\\/\"]}]},{\"@type\":\"BreadcrumbList\",\"@id\":\"https:\\\/\\\/jovoutja.eu\\\/hu\\\/projekty\\\/kulgazdasagi-es-kulugyminiszterium-jovo-utja-nonprofit-kft-elo-tortenelem\\\/#breadcrumb\",\"itemListElement\":[{\"@type\":\"ListItem\",\"position\":1,\"name\":\"Home\",\"item\":\"https:\\\/\\\/jovoutja.eu\\\/\"},{\"@type\":\"ListItem\",\"position\":2,\"name\":\"K\u00fclgazdas\u00e1gi \u00e9s K\u00fcl\u00fcgyminiszt\u00e9rium \u2013 J\u00f6v\u0151 \u00datja Nonprofit Kft. \u201e\u00c9l\u0151 t\u00f6rt\u00e9nelem\u201d\"}]},{\"@type\":\"WebSite\",\"@id\":\"https:\\\/\\\/jovoutja.eu\\\/#website\",\"url\":\"https:\\\/\\\/jovoutja.eu\\\/\",\"name\":\"ViaCarpatia\",\"description\":\"Sp\u00e1jame historick\u00e9 a kult\u00farno-jazykov\u00e9 trad\u00edcie\",\"alternateName\":\"ViaCarpatia\",\"potentialAction\":[{\"@type\":\"SearchAction\",\"target\":{\"@type\":\"EntryPoint\",\"urlTemplate\":\"https:\\\/\\\/jovoutja.eu\\\/?s={search_term_string}\"},\"query-input\":{\"@type\":\"PropertyValueSpecification\",\"valueRequired\":true,\"valueName\":\"search_term_string\"}}],\"inLanguage\":\"hu\"}]}<\/script>\n<!-- \/ Yoast SEO plugin. -->","yoast_head_json":{"title":"K\u00fclgazdas\u00e1gi \u00e9s K\u00fcl\u00fcgyminiszt\u00e9rium \u2013 J\u00f6v\u0151 \u00datja Nonprofit Kft. \u201e\u00c9l\u0151 t\u00f6rt\u00e9nelem\u201d - J\u00f6v\u0151 \u00datja","robots":{"index":"index","follow":"follow","max-snippet":"max-snippet:-1","max-image-preview":"max-image-preview:large","max-video-preview":"max-video-preview:-1"},"canonical":"https:\/\/jovoutja.eu\/hu\/projekty\/kulgazdasagi-es-kulugyminiszterium-jovo-utja-nonprofit-kft-elo-tortenelem\/","og_locale":"hu_HU","og_type":"article","og_title":"K\u00fclgazdas\u00e1gi \u00e9s K\u00fcl\u00fcgyminiszt\u00e9rium \u2013 J\u00f6v\u0151 \u00datja Nonprofit Kft. \u201e\u00c9l\u0151 t\u00f6rt\u00e9nelem\u201d - J\u00f6v\u0151 \u00datja","og_description":"A projekt egyik helysz\u00edne a klasszicista st\u00edlus\u00fa Patay-kast\u00e9ly Aba\u00fajsz\u00e1nt\u00f3-Cekeh\u00e1z\u00e1n. A projekt t\u00e1rgy\u00e1t k\u00e9pez\u0151 \u00e9p\u00fclet teljesk\u00f6r\u0171 meg\u00faj\u00edt\u00e1s\u00e1ra lenne sz\u00fcks\u00e9g, amire jelenleg nincs lehet\u0151s\u00e9g. \u00c9ppen ez\u00e9rt els\u0151dleges c\u00e9lunk szerkezet\u00e9nek meg\u00f3v\u00e1sa, \u00faj f\u00f6d\u00e9m elk\u00e9sz\u00edt\u00e9se, \u00faj tet\u0151zet elk\u00e9sz\u00edt\u00e9se \u00e9s a f\u0151falak statikai meger\u0151s\u00edt\u00e9se, biztos\u00edt\u00e1sa. Kass\u00e1n, a F\u0151 utca ter\u00fclet\u00e9n fekv\u0151 Als\u00f3 Kapu M\u00fazeum jelenlegi ki\u00e1ll\u00edt\u00e1sa a projekt keret\u00e9n bel\u00fcl [&hellip;]","og_url":"https:\/\/jovoutja.eu\/hu\/projekty\/kulgazdasagi-es-kulugyminiszterium-jovo-utja-nonprofit-kft-elo-tortenelem\/","og_site_name":"J\u00f6v\u0151 \u00datja","article_modified_time":"2024-08-13T09:39:16+00:00","twitter_card":"summary_large_image","twitter_misc":{"Becs\u00fclt olvas\u00e1si id\u0151":"2 perc"},"schema":{"@context":"https:\/\/schema.org","@graph":[{"@type":"WebPage","@id":"https:\/\/jovoutja.eu\/hu\/projekty\/kulgazdasagi-es-kulugyminiszterium-jovo-utja-nonprofit-kft-elo-tortenelem\/","url":"https:\/\/jovoutja.eu\/hu\/projekty\/kulgazdasagi-es-kulugyminiszterium-jovo-utja-nonprofit-kft-elo-tortenelem\/","name":"K\u00fclgazdas\u00e1gi \u00e9s K\u00fcl\u00fcgyminiszt\u00e9rium \u2013 J\u00f6v\u0151 \u00datja Nonprofit Kft. \u201e\u00c9l\u0151 t\u00f6rt\u00e9nelem\u201d - J\u00f6v\u0151 \u00datja","isPartOf":{"@id":"https:\/\/jovoutja.eu\/#website"},"datePublished":"2023-05-23T13:59:29+00:00","dateModified":"2024-08-13T09:39:16+00:00","breadcrumb":{"@id":"https:\/\/jovoutja.eu\/hu\/projekty\/kulgazdasagi-es-kulugyminiszterium-jovo-utja-nonprofit-kft-elo-tortenelem\/#breadcrumb"},"inLanguage":"hu","potentialAction":[{"@type":"ReadAction","target":["https:\/\/jovoutja.eu\/hu\/projekty\/kulgazdasagi-es-kulugyminiszterium-jovo-utja-nonprofit-kft-elo-tortenelem\/"]}]},{"@type":"BreadcrumbList","@id":"https:\/\/jovoutja.eu\/hu\/projekty\/kulgazdasagi-es-kulugyminiszterium-jovo-utja-nonprofit-kft-elo-tortenelem\/#breadcrumb","itemListElement":[{"@type":"ListItem","position":1,"name":"Home","item":"https:\/\/jovoutja.eu\/"},{"@type":"ListItem","position":2,"name":"K\u00fclgazdas\u00e1gi \u00e9s K\u00fcl\u00fcgyminiszt\u00e9rium \u2013 J\u00f6v\u0151 \u00datja Nonprofit Kft. \u201e\u00c9l\u0151 t\u00f6rt\u00e9nelem\u201d"}]},{"@type":"WebSite","@id":"https:\/\/jovoutja.eu\/#website","url":"https:\/\/jovoutja.eu\/","name":"ViaCarpatia","description":"Sp\u00e1jame historick\u00e9 a kult\u00farno-jazykov\u00e9 trad\u00edcie","alternateName":"ViaCarpatia","potentialAction":[{"@type":"SearchAction","target":{"@type":"EntryPoint","urlTemplate":"https:\/\/jovoutja.eu\/?s={search_term_string}"},"query-input":{"@type":"PropertyValueSpecification","valueRequired":true,"valueName":"search_term_string"}}],"inLanguage":"hu"}]}},"_links":{"self":[{"href":"https:\/\/jovoutja.eu\/hu\/wp-json\/wp\/v2\/projekty\/7730","targetHints":{"allow":["GET"]}}],"collection":[{"href":"https:\/\/jovoutja.eu\/hu\/wp-json\/wp\/v2\/projekty"}],"about":[{"href":"https:\/\/jovoutja.eu\/hu\/wp-json\/wp\/v2\/types\/projekty"}],"wp:attachment":[{"href":"https:\/\/jovoutja.eu\/hu\/wp-json\/wp\/v2\/media?parent=7730"}],"curies":[{"name":"wp","href":"https:\/\/api.w.org\/{rel}","templated":true}]}}