{"id":8981,"date":"2026-03-20T15:57:42","date_gmt":"2026-03-20T14:57:42","guid":{"rendered":"https:\/\/jovoutja.eu\/?post_type=projekty&#038;p=8981"},"modified":"2026-03-20T15:58:00","modified_gmt":"2026-03-20T14:58:00","slug":"egyedi-kerelem-2025-muvelt-videk-vilagosabb-jovo","status":"publish","type":"projekty","link":"https:\/\/jovoutja.eu\/hu\/projekty\/egyedi-kerelem-2025-muvelt-videk-vilagosabb-jovo\/","title":{"rendered":"Egyedi k\u00e9relem 2025 \u2013 M\u0171velt vid\u00e9k, vil\u00e1gosabb j\u00f6v\u0151"},"content":{"rendered":"<p>A Via Carpatia EGTC 2013 \u00f3ta akt\u00edvan m\u0171k\u00f6dik a szlov\u00e1k\u2013magyar hat\u00e1rt\u00e9rs\u00e9gben, \u00e9s sz\u00e1mos<br \/>\nsikeres projektet val\u00f3s\u00edtott meg nemcsak a r\u00e9gi\u00f3ban, hanem nemzetk\u00f6zi szinten is. Az elm\u00falt<br \/>\n12 \u00e9vben 40 milli\u00f3 eur\u00f3 \u00e9rt\u00e9k\u0171 konzorciumokban vett r\u00e9szt, saj\u00e1t projektjei 20 milli\u00f3 eur\u00f3<br \/>\n\u00e9rt\u00e9kben val\u00f3sultak meg, t\u00f6bb mint 1100 munkahelyet teremtett, \u00e9s t\u00f6bb mint 700 partnerrel<br \/>\nm\u0171k\u00f6d\u00f6tt egy\u00fctt. Az alkalmazotti l\u00e9tsz\u00e1m\u00e1t tekintve a legnagyobb EGTC-k k\u00f6z\u00e9 tartozik.<\/p>\n<p>A szervezet sz\u00e1m\u00e1ra mindig kiemelt szerepet kap az oktat\u00e1s \u00e9s az \u00faj tud\u00e1s megszerz\u00e9se. A<br \/>\nv\u00e1ltoz\u00f3 vil\u00e1gban fontos, hogy a munkat\u00e1rsak \u00e9s a r\u00e9gi\u00f3ban \u00e9l\u0151k is folyamatosan fejl\u0151djenek,<br \/>\nmik\u00f6zben meg\u0151rzik \u00e9s \u00e1polj\u00e1k az \u00e9rt\u00e9keket.<\/p>\n<p>A \u201eM\u0171velt vid\u00e9k, vil\u00e1gosabb j\u00f6v\u0151\u201d projekt c\u00e9lja, hogy bevonja a vid\u00e9k- \u00e9s ter\u00fcletfejleszt\u00e9s<br \/>\nszerepl\u0151it \u2013 \u00f6nkorm\u00e1nyzatokat, v\u00e1llalkoz\u00f3kat, civil szervezeteket \u00e9s k\u00f6z\u00f6ss\u00e9gi<br \/>\nkezdem\u00e9nyez\u00e9seket \u2013 \u00e9s sz\u00e1mukra k\u00e9pz\u00e9seket, fejleszt\u00e9si programokat biztos\u00edtson a r\u00e9gi\u00f3<br \/>\nt\u00e1rsadalmi-gazdas\u00e1gi fejl\u0151d\u00e9s\u00e9nek \u00e9s egy\u00fcttm\u0171k\u00f6d\u00e9si h\u00e1l\u00f3zatainak er\u0151s\u00edt\u00e9se \u00e9rdek\u00e9ben.<\/p>\n<p>A projekt keret\u00e9ben oktat\u00e1si napokat \u00e9s kapcsol\u00f3d\u00f3 tananyagokat dolgozunk ki, mindegyik<br \/>\nnap egy-egy ter\u00fcletfejleszt\u00e9si t\u00e9m\u00e1ra f\u00f3kusz\u00e1lva. Az oktat\u00e1sok sor\u00e1n a r\u00e9sztvev\u0151k elm\u00e9leti<br \/>\ntud\u00e1st \u00e9s gyakorlati p\u00e9ld\u00e1kat kapnak, hogy sikeresen val\u00f3s\u00edthass\u00e1k meg helyi fejleszt\u00e9si<br \/>\nkezdem\u00e9nyez\u00e9seiket. Minden oktat\u00e1si napon legal\u00e1bb 20 f\u0151 vesz r\u00e9szt, \u00edgy a projekt v\u00e9g\u00e9re<br \/>\nk\u00f6r\u00fclbel\u00fcl 160 f\u0151 r\u00e9szes\u00fcl k\u00e9pz\u00e9sben.<\/p>\n<p>A projekt a K\u00fclgazdas\u00e1gi \u00e9s K\u00fcl\u00fcgyminiszt\u00e9rium t\u00e1mogat\u00e1s\u00e1val val\u00f3sult meg.<\/p>\n","protected":false},"featured_media":0,"template":"","class_list":["post-8981","projekty","type-projekty","status-publish","hentry"],"acf":[],"yoast_head":"<!-- This site is optimized with the Yoast SEO plugin v27.5 - https:\/\/yoast.com\/product\/yoast-seo-wordpress\/ -->\n<title>Egyedi k\u00e9relem 2025 \u2013 M\u0171velt vid\u00e9k, vil\u00e1gosabb j\u00f6v\u0151 - J\u00f6v\u0151 \u00datja<\/title>\n<meta name=\"robots\" content=\"index, follow, max-snippet:-1, max-image-preview:large, max-video-preview:-1\" \/>\n<link rel=\"canonical\" href=\"https:\/\/jovoutja.eu\/hu\/projekty\/egyedi-kerelem-2025-muvelt-videk-vilagosabb-jovo\/\" \/>\n<meta property=\"og:locale\" content=\"hu_HU\" \/>\n<meta property=\"og:type\" content=\"article\" \/>\n<meta property=\"og:title\" content=\"Egyedi k\u00e9relem 2025 \u2013 M\u0171velt vid\u00e9k, vil\u00e1gosabb j\u00f6v\u0151 - J\u00f6v\u0151 \u00datja\" \/>\n<meta property=\"og:description\" content=\"A Via Carpatia EGTC 2013 \u00f3ta akt\u00edvan m\u0171k\u00f6dik a szlov\u00e1k\u2013magyar hat\u00e1rt\u00e9rs\u00e9gben, \u00e9s sz\u00e1mos sikeres projektet val\u00f3s\u00edtott meg nemcsak a r\u00e9gi\u00f3ban, hanem nemzetk\u00f6zi szinten is. Az elm\u00falt 12 \u00e9vben 40 milli\u00f3 eur\u00f3 \u00e9rt\u00e9k\u0171 konzorciumokban vett r\u00e9szt, saj\u00e1t projektjei 20 milli\u00f3 eur\u00f3 \u00e9rt\u00e9kben val\u00f3sultak meg, t\u00f6bb mint 1100 munkahelyet teremtett, \u00e9s t\u00f6bb mint 700 partnerrel m\u0171k\u00f6d\u00f6tt egy\u00fctt. [&hellip;]\" \/>\n<meta property=\"og:url\" content=\"https:\/\/jovoutja.eu\/hu\/projekty\/egyedi-kerelem-2025-muvelt-videk-vilagosabb-jovo\/\" \/>\n<meta property=\"og:site_name\" content=\"J\u00f6v\u0151 \u00datja\" \/>\n<meta property=\"article:modified_time\" content=\"2026-03-20T14:58:00+00:00\" \/>\n<meta name=\"twitter:card\" content=\"summary_large_image\" \/>\n<meta name=\"twitter:label1\" content=\"Becs\u00fclt olvas\u00e1si id\u0151\" \/>\n\t<meta name=\"twitter:data1\" content=\"2 perc\" \/>\n<script type=\"application\/ld+json\" class=\"yoast-schema-graph\">{\"@context\":\"https:\\\/\\\/schema.org\",\"@graph\":[{\"@type\":\"WebPage\",\"@id\":\"https:\\\/\\\/jovoutja.eu\\\/hu\\\/projekty\\\/egyedi-kerelem-2025-muvelt-videk-vilagosabb-jovo\\\/\",\"url\":\"https:\\\/\\\/jovoutja.eu\\\/hu\\\/projekty\\\/egyedi-kerelem-2025-muvelt-videk-vilagosabb-jovo\\\/\",\"name\":\"Egyedi k\u00e9relem 2025 \u2013 M\u0171velt vid\u00e9k, vil\u00e1gosabb j\u00f6v\u0151 - J\u00f6v\u0151 \u00datja\",\"isPartOf\":{\"@id\":\"https:\\\/\\\/jovoutja.eu\\\/#website\"},\"datePublished\":\"2026-03-20T14:57:42+00:00\",\"dateModified\":\"2026-03-20T14:58:00+00:00\",\"breadcrumb\":{\"@id\":\"https:\\\/\\\/jovoutja.eu\\\/hu\\\/projekty\\\/egyedi-kerelem-2025-muvelt-videk-vilagosabb-jovo\\\/#breadcrumb\"},\"inLanguage\":\"hu\",\"potentialAction\":[{\"@type\":\"ReadAction\",\"target\":[\"https:\\\/\\\/jovoutja.eu\\\/hu\\\/projekty\\\/egyedi-kerelem-2025-muvelt-videk-vilagosabb-jovo\\\/\"]}]},{\"@type\":\"BreadcrumbList\",\"@id\":\"https:\\\/\\\/jovoutja.eu\\\/hu\\\/projekty\\\/egyedi-kerelem-2025-muvelt-videk-vilagosabb-jovo\\\/#breadcrumb\",\"itemListElement\":[{\"@type\":\"ListItem\",\"position\":1,\"name\":\"Home\",\"item\":\"https:\\\/\\\/jovoutja.eu\\\/\"},{\"@type\":\"ListItem\",\"position\":2,\"name\":\"Egyedi k\u00e9relem 2025 \u2013 M\u0171velt vid\u00e9k, vil\u00e1gosabb j\u00f6v\u0151\"}]},{\"@type\":\"WebSite\",\"@id\":\"https:\\\/\\\/jovoutja.eu\\\/#website\",\"url\":\"https:\\\/\\\/jovoutja.eu\\\/\",\"name\":\"ViaCarpatia\",\"description\":\"Sp\u00e1jame historick\u00e9 a kult\u00farno-jazykov\u00e9 trad\u00edcie\",\"alternateName\":\"ViaCarpatia\",\"potentialAction\":[{\"@type\":\"SearchAction\",\"target\":{\"@type\":\"EntryPoint\",\"urlTemplate\":\"https:\\\/\\\/jovoutja.eu\\\/?s={search_term_string}\"},\"query-input\":{\"@type\":\"PropertyValueSpecification\",\"valueRequired\":true,\"valueName\":\"search_term_string\"}}],\"inLanguage\":\"hu\"}]}<\/script>\n<!-- \/ Yoast SEO plugin. -->","yoast_head_json":{"title":"Egyedi k\u00e9relem 2025 \u2013 M\u0171velt vid\u00e9k, vil\u00e1gosabb j\u00f6v\u0151 - J\u00f6v\u0151 \u00datja","robots":{"index":"index","follow":"follow","max-snippet":"max-snippet:-1","max-image-preview":"max-image-preview:large","max-video-preview":"max-video-preview:-1"},"canonical":"https:\/\/jovoutja.eu\/hu\/projekty\/egyedi-kerelem-2025-muvelt-videk-vilagosabb-jovo\/","og_locale":"hu_HU","og_type":"article","og_title":"Egyedi k\u00e9relem 2025 \u2013 M\u0171velt vid\u00e9k, vil\u00e1gosabb j\u00f6v\u0151 - J\u00f6v\u0151 \u00datja","og_description":"A Via Carpatia EGTC 2013 \u00f3ta akt\u00edvan m\u0171k\u00f6dik a szlov\u00e1k\u2013magyar hat\u00e1rt\u00e9rs\u00e9gben, \u00e9s sz\u00e1mos sikeres projektet val\u00f3s\u00edtott meg nemcsak a r\u00e9gi\u00f3ban, hanem nemzetk\u00f6zi szinten is. Az elm\u00falt 12 \u00e9vben 40 milli\u00f3 eur\u00f3 \u00e9rt\u00e9k\u0171 konzorciumokban vett r\u00e9szt, saj\u00e1t projektjei 20 milli\u00f3 eur\u00f3 \u00e9rt\u00e9kben val\u00f3sultak meg, t\u00f6bb mint 1100 munkahelyet teremtett, \u00e9s t\u00f6bb mint 700 partnerrel m\u0171k\u00f6d\u00f6tt egy\u00fctt. [&hellip;]","og_url":"https:\/\/jovoutja.eu\/hu\/projekty\/egyedi-kerelem-2025-muvelt-videk-vilagosabb-jovo\/","og_site_name":"J\u00f6v\u0151 \u00datja","article_modified_time":"2026-03-20T14:58:00+00:00","twitter_card":"summary_large_image","twitter_misc":{"Becs\u00fclt olvas\u00e1si id\u0151":"2 perc"},"schema":{"@context":"https:\/\/schema.org","@graph":[{"@type":"WebPage","@id":"https:\/\/jovoutja.eu\/hu\/projekty\/egyedi-kerelem-2025-muvelt-videk-vilagosabb-jovo\/","url":"https:\/\/jovoutja.eu\/hu\/projekty\/egyedi-kerelem-2025-muvelt-videk-vilagosabb-jovo\/","name":"Egyedi k\u00e9relem 2025 \u2013 M\u0171velt vid\u00e9k, vil\u00e1gosabb j\u00f6v\u0151 - J\u00f6v\u0151 \u00datja","isPartOf":{"@id":"https:\/\/jovoutja.eu\/#website"},"datePublished":"2026-03-20T14:57:42+00:00","dateModified":"2026-03-20T14:58:00+00:00","breadcrumb":{"@id":"https:\/\/jovoutja.eu\/hu\/projekty\/egyedi-kerelem-2025-muvelt-videk-vilagosabb-jovo\/#breadcrumb"},"inLanguage":"hu","potentialAction":[{"@type":"ReadAction","target":["https:\/\/jovoutja.eu\/hu\/projekty\/egyedi-kerelem-2025-muvelt-videk-vilagosabb-jovo\/"]}]},{"@type":"BreadcrumbList","@id":"https:\/\/jovoutja.eu\/hu\/projekty\/egyedi-kerelem-2025-muvelt-videk-vilagosabb-jovo\/#breadcrumb","itemListElement":[{"@type":"ListItem","position":1,"name":"Home","item":"https:\/\/jovoutja.eu\/"},{"@type":"ListItem","position":2,"name":"Egyedi k\u00e9relem 2025 \u2013 M\u0171velt vid\u00e9k, vil\u00e1gosabb j\u00f6v\u0151"}]},{"@type":"WebSite","@id":"https:\/\/jovoutja.eu\/#website","url":"https:\/\/jovoutja.eu\/","name":"ViaCarpatia","description":"Sp\u00e1jame historick\u00e9 a kult\u00farno-jazykov\u00e9 trad\u00edcie","alternateName":"ViaCarpatia","potentialAction":[{"@type":"SearchAction","target":{"@type":"EntryPoint","urlTemplate":"https:\/\/jovoutja.eu\/?s={search_term_string}"},"query-input":{"@type":"PropertyValueSpecification","valueRequired":true,"valueName":"search_term_string"}}],"inLanguage":"hu"}]}},"_links":{"self":[{"href":"https:\/\/jovoutja.eu\/hu\/wp-json\/wp\/v2\/projekty\/8981","targetHints":{"allow":["GET"]}}],"collection":[{"href":"https:\/\/jovoutja.eu\/hu\/wp-json\/wp\/v2\/projekty"}],"about":[{"href":"https:\/\/jovoutja.eu\/hu\/wp-json\/wp\/v2\/types\/projekty"}],"wp:attachment":[{"href":"https:\/\/jovoutja.eu\/hu\/wp-json\/wp\/v2\/media?parent=8981"}],"curies":[{"name":"wp","href":"https:\/\/api.w.org\/{rel}","templated":true}]}}